{"id":149,"date":"2022-05-16T16:42:00","date_gmt":"2022-05-16T16:42:00","guid":{"rendered":"http:\/\/modesbook\/?post_type=concept&#038;p=149"},"modified":"2022-06-22T12:46:14","modified_gmt":"2022-06-22T12:46:14","slug":"latinoamericanismos","status":"publish","type":"concept","link":"https:\/\/modernidadesdescentralizadas.com\/conceptos\/concept\/latinoamericanismos\/","title":{"rendered":"Latinoamericanismos"},"content":{"rendered":"\n<h3 class=\"wp-block-heading\">Latinoamericanismo en las artes. De la guerra fr\u00eda a la contemporaneidad.<\/h3>\n\n\n\n<p>Durante la primera etapa de la guerra fr\u00eda la pol\u00edtica cultural desplegada por la Uni\u00f3n Panamericana encauz\u00f3 el latinoamericanismo del siglo xix dentro una perspectiva hemisf\u00e9rica, que abandonaba la mirada folklorista hacia las pr\u00e1cticas art\u00edsticas latinoamericanas y resaltaba sus articulaciones con los procesos de la modernidad occidental. Sin embargo la revoluci\u00f3n cubana, la crisis de los misiles y la pol\u00edtica de la Alianza por el Progreso en la regi\u00f3n reactivaron las tensiones pol\u00edtico-culturales interamericanas y el latinoamericanismo asumi\u00f3 a mediados de los sesenta un giro antiimperialista, resistente a la presencia norteamericana y favorable a una nueva utop\u00eda revolucionaria continental, que se materializ\u00f3 a trav\u00e9s de redes art\u00edstico-intelectuales transatl\u00e1nticas. La inestabilidad econ\u00f3mica y pol\u00edtica y el debilitamiento de las instituciones p\u00fablicas que caracteriz\u00f3 los a\u00f1os setenta permiti\u00f3 el avance de las din\u00e1micas del mercado en la escena art\u00edstica y pronto las l\u00f3gicas del capital irrumpieron y operaron en las redefiniciones de lo latinoamericano. <\/p>\n\n\n<div class=\"wp-block-image\">\n<figure class=\"aligncenter size-large is-resized\"><img loading=\"lazy\" decoding=\"async\" src=\"https:\/\/modernidadesdescentralizadas.com\/conceptos\/wp-content\/uploads\/2022\/05\/latinoamericanismos-01-916x1024.jpg\" alt=\"\" class=\"wp-image-250\" width=\"535\" height=\"598\" srcset=\"https:\/\/modernidadesdescentralizadas.com\/conceptos\/wp-content\/uploads\/2022\/05\/latinoamericanismos-01-916x1024.jpg 916w, https:\/\/modernidadesdescentralizadas.com\/conceptos\/wp-content\/uploads\/2022\/05\/latinoamericanismos-01-268x300.jpg 268w, https:\/\/modernidadesdescentralizadas.com\/conceptos\/wp-content\/uploads\/2022\/05\/latinoamericanismos-01-768x858.jpg 768w, https:\/\/modernidadesdescentralizadas.com\/conceptos\/wp-content\/uploads\/2022\/05\/latinoamericanismos-01.jpg 1200w\" sizes=\"auto, (max-width: 535px) 100vw, 535px\" \/><figcaption>Anna Bella Geiger,\u00a0<em>Brasil nativo-Brasil alien\u00edgena<\/em>, fotoperformance (detalle y reverso)<br>1976-1977. Postales en blanco y negro y color. Foto de Luiz Carlos Velho\u00a0<\/figcaption><\/figure>\n<\/div>\n\n\n<p>El mercado internacional de subastas de obras de arte introdujo una secci\u00f3n especial de arte de Am\u00e9rica latina y surgieron m\u00e1s galer\u00edas privadas dedicadas espec\u00edficamente a comercializarlo. Junto a la multiplicaci\u00f3n de exposiciones latinoamericanas, se produjo una intensificaci\u00f3n del debate cr\u00edtico sobre la identidad cultural, mediante un auge de encuentros, art\u00edculos en revistas especializadas de la regi\u00f3n y extranjeras, libros y n\u00fameros especiales dedicados a la cuesti\u00f3n. De ellos surgieron nuevos enfoques te\u00f3ricos que analizaron la producci\u00f3n art\u00edstica regional, en articulaci\u00f3n estrecha con sus realidades socioecon\u00f3micas y pol\u00edticas, adaptando en varios casos propuestas de autores tercermundistas. La Bienal de La Habana en los ochenta consolid\u00f3 la propuesta innovadora de un nuevo modelo de bienal no europea, centrada en la producci\u00f3n cultural de los pa\u00edses latinoamericanos, africanos y asi\u00e1ticos. Esta din\u00e1mica de intercambios llev\u00f3 a la redefinici\u00f3n de lo latinoamericano en el eje de sus v\u00ednculos con pa\u00edses en v\u00edas de desarrollo. <\/p>\n\n\n\n<p>Las intervenciones de Estados Unidos en Am\u00e9rica Central revitalizaron las tensiones de la Guerra Fr\u00eda y vinieron a sumarse a la multiplicaci\u00f3n de protestas callejeras de parte de la comunidad latina convertida en la primera minor\u00eda del pa\u00eds. Las instituciones museales dieron paulatina cabida a las nuevas agendas sociales y comenzaron a coleccionar y exhibir arte latino en los Estados Unidos con la ayuda de capitales multinacionales. El latinoamericanismo imperante a fines de los ochenta tradujo la instrumentaci\u00f3n del arte y la cultura de Latinoam\u00e9rica con fines de proselitismo electoral y el mercado del arte global. <\/p>\n\n\n<div class=\"wp-block-image\">\n<figure class=\"aligncenter size-large is-resized\"><img loading=\"lazy\" decoding=\"async\" src=\"https:\/\/modernidadesdescentralizadas.com\/conceptos\/wp-content\/uploads\/2022\/05\/latinoamericanismos-02-916x1024.jpg\" alt=\"\" class=\"wp-image-251\" width=\"524\" height=\"586\" srcset=\"https:\/\/modernidadesdescentralizadas.com\/conceptos\/wp-content\/uploads\/2022\/05\/latinoamericanismos-02-916x1024.jpg 916w, https:\/\/modernidadesdescentralizadas.com\/conceptos\/wp-content\/uploads\/2022\/05\/latinoamericanismos-02-268x300.jpg 268w, https:\/\/modernidadesdescentralizadas.com\/conceptos\/wp-content\/uploads\/2022\/05\/latinoamericanismos-02-768x858.jpg 768w, https:\/\/modernidadesdescentralizadas.com\/conceptos\/wp-content\/uploads\/2022\/05\/latinoamericanismos-02.jpg 1200w\" sizes=\"auto, (max-width: 524px) 100vw, 524px\" \/><figcaption>Anna Bella Geiger,\u00a0<em>Brasil nativo-Brasil alien\u00edgena<\/em>, fotoperformance (detalle y reverso)<br>1976-1977. Postales en blanco y negro y color. Foto de Luiz Carlos Velho\u00a0<\/figcaption><\/figure>\n<\/div>\n\n\n<p>Corporaciones multinacionales, bancos y otros capitales privados imprimieron sus intereses en las pol\u00edticas para las artes visuales. Los modelos de representaci\u00f3n de lo latinoamericano difundidos a trav\u00e9s de exposiciones blockbuster financiadas por instituciones y multinacionales del norte global generaron a principios de los noventa respuestas cr\u00edticas desde el \u00e1mbito de la curadur\u00eda y la pr\u00e1ctica hist\u00f3rico-art\u00edstica en Am\u00e9rica latina. As\u00ed, expusieron los usos geopol\u00edticos y econ\u00f3micos a los que hab\u00eda servido el latinoamericanismo e inauguraron la etapa contempor\u00e1nea, en la que se revisan y critican los legados coloniales impl\u00edcitos en el impulso identitario totalizador desde una concepci\u00f3n m\u00e1s abierta, din\u00e1mica y fluida de lo latinoamericano en las artes.<\/p>\n\n\n<div class=\"wp-block-image\">\n<figure class=\"aligncenter size-full is-resized\"><img loading=\"lazy\" decoding=\"async\" src=\"https:\/\/modernidadesdescentralizadas.com\/conceptos\/wp-content\/uploads\/2022\/05\/latinoamericanismos-03.jpg\" alt=\"\" class=\"wp-image-252\" width=\"512\" height=\"961\" srcset=\"https:\/\/modernidadesdescentralizadas.com\/conceptos\/wp-content\/uploads\/2022\/05\/latinoamericanismos-03.jpg 1200w, https:\/\/modernidadesdescentralizadas.com\/conceptos\/wp-content\/uploads\/2022\/05\/latinoamericanismos-03-160x300.jpg 160w, https:\/\/modernidadesdescentralizadas.com\/conceptos\/wp-content\/uploads\/2022\/05\/latinoamericanismos-03-546x1024.jpg 546w, https:\/\/modernidadesdescentralizadas.com\/conceptos\/wp-content\/uploads\/2022\/05\/latinoamericanismos-03-768x1440.jpg 768w, https:\/\/modernidadesdescentralizadas.com\/conceptos\/wp-content\/uploads\/2022\/05\/latinoamericanismos-03-819x1536.jpg 819w, https:\/\/modernidadesdescentralizadas.com\/conceptos\/wp-content\/uploads\/2022\/05\/latinoamericanismos-03-1092x2048.jpg 1092w\" sizes=\"auto, (max-width: 512px) 100vw, 512px\" \/><figcaption>Anna Bella Geiger,\u00a0<em>Brasil nativo-Brasil alien\u00edgena<\/em>, fotoperformance (detalle y reverso)<br>1976-1977. Postales en blanco y negro y color. Foto de Luiz Carlos Velho\u00a0<\/figcaption><\/figure>\n<\/div>","protected":false},"excerpt":{"rendered":"<p>Latinoamericanismo en las artes. De la guerra fr\u00eda a la contemporaneidad. Durante la primera etapa de la guerra fr\u00eda la [&hellip;]<\/p>\n","protected":false},"featured_media":283,"template":"","tags":[247,251,267,269,273,289,301,319,337,341],"class_list":["post-149","concept","type-concept","status-publish","has-post-thumbnail","hentry","tag-decolonialidad","tag-descolonizacion","tag-globalizacion","tag-identidad","tag-imperialismo","tag-occidente","tag-resistencia","tag-sur","tag-territorio","tag-utopia"],"acf":[],"_links":{"self":[{"href":"https:\/\/modernidadesdescentralizadas.com\/conceptos\/wp-json\/wp\/v2\/concept\/149","targetHints":{"allow":["GET"]}}],"collection":[{"href":"https:\/\/modernidadesdescentralizadas.com\/conceptos\/wp-json\/wp\/v2\/concept"}],"about":[{"href":"https:\/\/modernidadesdescentralizadas.com\/conceptos\/wp-json\/wp\/v2\/types\/concept"}],"wp:featuredmedia":[{"embeddable":true,"href":"https:\/\/modernidadesdescentralizadas.com\/conceptos\/wp-json\/wp\/v2\/media\/283"}],"wp:attachment":[{"href":"https:\/\/modernidadesdescentralizadas.com\/conceptos\/wp-json\/wp\/v2\/media?parent=149"}],"wp:term":[{"taxonomy":"post_tag","embeddable":true,"href":"https:\/\/modernidadesdescentralizadas.com\/conceptos\/wp-json\/wp\/v2\/tags?post=149"}],"curies":[{"name":"wp","href":"https:\/\/api.w.org\/{rel}","templated":true}]}}